{"id":55,"date":"2021-08-26T14:19:48","date_gmt":"2021-08-26T14:19:48","guid":{"rendered":"https:\/\/tropicosimaginados.com\/index.php\/archivo-de-imagenes\/"},"modified":"2021-08-31T11:03:27","modified_gmt":"2021-08-31T11:03:27","slug":"archivo-de-imagenes","status":"publish","type":"page","link":"https:\/\/tropicosimaginados.com\/index.php\/archivo-de-imagenes\/","title":{"rendered":"Archivo de im\u00e1genes"},"content":{"rendered":"\t\t<div data-elementor-type=\"wp-page\" data-elementor-id=\"55\" class=\"elementor elementor-55\" data-elementor-post-type=\"page\">\n\t\t\t\t\t\t<section class=\"elementor-section elementor-top-section elementor-element elementor-element-118aa44b elementor-section-boxed elementor-section-height-default elementor-section-height-default\" data-id=\"118aa44b\" data-element_type=\"section\" data-e-type=\"section\">\n\t\t\t\t\t\t<div class=\"elementor-container elementor-column-gap-default\">\n\t\t\t\t\t<div class=\"elementor-column elementor-col-100 elementor-top-column elementor-element elementor-element-a6c610d\" data-id=\"a6c610d\" data-element_type=\"column\" data-e-type=\"column\">\n\t\t\t<div class=\"elementor-widget-wrap elementor-element-populated\">\n\t\t\t\t\t\t<div class=\"elementor-element elementor-element-a41377d elementor-widget elementor-widget-heading\" data-id=\"a41377d\" data-element_type=\"widget\" data-e-type=\"widget\" data-widget_type=\"heading.default\">\n\t\t\t\t<div class=\"elementor-widget-container\">\n\t\t\t\t\t<h1 class=\"elementor-heading-title elementor-size-default\">Tr\u00f3picos Imaginados<\/h1>\t\t\t\t<\/div>\n\t\t\t\t<\/div>\n\t\t\t\t<div class=\"elementor-element elementor-element-b70e4f2 elementor-widget elementor-widget-heading\" data-id=\"b70e4f2\" data-element_type=\"widget\" data-e-type=\"widget\" data-widget_type=\"heading.default\">\n\t\t\t\t<div class=\"elementor-widget-container\">\n\t\t\t\t\t<h1 class=\"elementor-heading-title elementor-size-default\">erudici\u00f3n religiosa e im\u00e1genes en el<\/br>\nImperio portugu\u00e9s de la Edad Moderna<\/h1>\t\t\t\t<\/div>\n\t\t\t\t<\/div>\n\t\t\t\t<div class=\"elementor-element elementor-element-2d21cdce elementor-widget-divider--view-line elementor-widget elementor-widget-divider\" data-id=\"2d21cdce\" data-element_type=\"widget\" data-e-type=\"widget\" data-widget_type=\"divider.default\">\n\t\t\t\t<div class=\"elementor-widget-container\">\n\t\t\t\t\t\t\t<div class=\"elementor-divider\">\n\t\t\t<span class=\"elementor-divider-separator\">\n\t\t\t\t\t\t<\/span>\n\t\t<\/div>\n\t\t\t\t\t\t<\/div>\n\t\t\t\t<\/div>\n\t\t\t\t\t<\/div>\n\t\t<\/div>\n\t\t\t\t\t<\/div>\n\t\t<\/section>\n\t\t\t\t<section class=\"elementor-section elementor-top-section elementor-element elementor-element-f38f518 elementor-section-boxed elementor-section-height-default elementor-section-height-default\" data-id=\"f38f518\" data-element_type=\"section\" data-e-type=\"section\">\n\t\t\t\t\t\t<div class=\"elementor-container elementor-column-gap-default\">\n\t\t\t\t\t<div class=\"elementor-column elementor-col-100 elementor-top-column elementor-element elementor-element-8d322f2\" data-id=\"8d322f2\" data-element_type=\"column\" data-e-type=\"column\">\n\t\t\t<div class=\"elementor-widget-wrap elementor-element-populated\">\n\t\t\t\t\t\t<div class=\"elementor-element elementor-element-84d029d elementor-grid-4 elementor-grid-tablet-2 elementor-grid-mobile-1 elementor-posts--thumbnail-top elementor-card-shadow-yes elementor-posts__hover-gradient elementor-widget elementor-widget-posts\" data-id=\"84d029d\" data-element_type=\"widget\" data-e-type=\"widget\" data-settings=\"{&quot;pagination_type&quot;:&quot;numbers_and_prev_next&quot;,&quot;cards_row_gap&quot;:{&quot;unit&quot;:&quot;px&quot;,&quot;size&quot;:33,&quot;sizes&quot;:[]},&quot;cards_columns&quot;:&quot;4&quot;,&quot;cards_columns_tablet&quot;:&quot;2&quot;,&quot;cards_columns_mobile&quot;:&quot;1&quot;,&quot;cards_row_gap_tablet&quot;:{&quot;unit&quot;:&quot;px&quot;,&quot;size&quot;:&quot;&quot;,&quot;sizes&quot;:[]},&quot;cards_row_gap_mobile&quot;:{&quot;unit&quot;:&quot;px&quot;,&quot;size&quot;:&quot;&quot;,&quot;sizes&quot;:[]}}\" data-widget_type=\"posts.cards\">\n\t\t\t\t<div class=\"elementor-widget-container\">\n\t\t\t\t\t\t\t<div class=\"elementor-posts-container elementor-posts elementor-posts--skin-cards elementor-grid\" role=\"list\">\n\t\t\t\t<article class=\"elementor-post elementor-grid-item post-2353 ilustracion type-ilustracion status-publish has-post-thumbnail hentry obras-histoire-de-la-mission-des-peres-capucins\" role=\"listitem\">\n\t\t\t<div class=\"elementor-post__card\">\n\t\t\t\t<a class=\"elementor-post__thumbnail__link\" href=\"https:\/\/tropicosimaginados.com\/index.php\/ilustracion\/retrato-de-louis-marie\/\" tabindex=\"-1\" ><div class=\"elementor-post__thumbnail\"><img fetchpriority=\"high\" decoding=\"async\" width=\"640\" height=\"919\" src=\"https:\/\/tropicosimaginados.com\/wp-content\/uploads\/2023\/09\/Imagen-6-Claude-Abeville-768x1103.jpeg\" class=\"attachment-medium_large size-medium_large wp-image-2355\" alt=\"\" srcset=\"https:\/\/tropicosimaginados.com\/wp-content\/uploads\/2023\/09\/Imagen-6-Claude-Abeville-768x1103.jpeg 768w, https:\/\/tropicosimaginados.com\/wp-content\/uploads\/2023\/09\/Imagen-6-Claude-Abeville-209x300.jpeg 209w, https:\/\/tropicosimaginados.com\/wp-content\/uploads\/2023\/09\/Imagen-6-Claude-Abeville-713x1024.jpeg 713w, https:\/\/tropicosimaginados.com\/wp-content\/uploads\/2023\/09\/Imagen-6-Claude-Abeville.jpeg 1024w\" sizes=\"(max-width: 640px) 100vw, 640px\" \/><\/div><\/a>\n\t\t\t\t<div class=\"elementor-post__badge\">Histoire de la mission des P\u00e8res capucins<\/div>\n\t\t\t\t<div class=\"elementor-post__text\">\n\t\t\t\t<h3 class=\"elementor-post__title\">\n\t\t\t<a href=\"https:\/\/tropicosimaginados.com\/index.php\/ilustracion\/retrato-de-louis-marie\/\" >\n\t\t\t\tRetrato de Louis Marie\t\t\t<\/a>\n\t\t<\/h3>\n\t\t\t\t<div class=\"elementor-post__excerpt\">\n\t\t\t<p>Retrato de Louis Marie, anteriormente llamado Itapoucou, guerrero del pueblo tupinamb\u00e1. Representado sobre un fondo neutro, viste una t\u00fanica larga al estilo europeo ce\u00f1ida a<\/p>\n\t\t<\/div>\n\t\t\n\t\t<a class=\"elementor-post__read-more\" href=\"https:\/\/tropicosimaginados.com\/index.php\/ilustracion\/retrato-de-louis-marie\/\" aria-label=\"M\u00e1s informaci\u00f3n sobre Retrato de Louis Marie\" tabindex=\"-1\" >\n\t\t\tLeer m\u00e1s \u00bb\t\t<\/a>\n\n\t\t\t\t<\/div>\n\t\t\t\t\t<\/div>\n\t\t<\/article>\n\t\t\t\t<article class=\"elementor-post elementor-grid-item post-2349 ilustracion type-ilustracion status-publish has-post-thumbnail hentry obras-histoire-de-la-mission-des-peres-capucins\" role=\"listitem\">\n\t\t\t<div class=\"elementor-post__card\">\n\t\t\t\t<a class=\"elementor-post__thumbnail__link\" href=\"https:\/\/tropicosimaginados.com\/index.php\/ilustracion\/retrato-de-antoine-manen\/\" tabindex=\"-1\" ><div class=\"elementor-post__thumbnail\"><img decoding=\"async\" width=\"640\" height=\"921\" src=\"https:\/\/tropicosimaginados.com\/wp-content\/uploads\/2023\/09\/Imagen-5-Claude-Abeville-768x1105.jpeg\" class=\"attachment-medium_large size-medium_large wp-image-2350\" alt=\"\" srcset=\"https:\/\/tropicosimaginados.com\/wp-content\/uploads\/2023\/09\/Imagen-5-Claude-Abeville-768x1105.jpeg 768w, https:\/\/tropicosimaginados.com\/wp-content\/uploads\/2023\/09\/Imagen-5-Claude-Abeville-209x300.jpeg 209w, https:\/\/tropicosimaginados.com\/wp-content\/uploads\/2023\/09\/Imagen-5-Claude-Abeville-712x1024.jpeg 712w, https:\/\/tropicosimaginados.com\/wp-content\/uploads\/2023\/09\/Imagen-5-Claude-Abeville.jpeg 1024w\" sizes=\"(max-width: 640px) 100vw, 640px\" \/><\/div><\/a>\n\t\t\t\t<div class=\"elementor-post__badge\">Histoire de la mission des P\u00e8res capucins<\/div>\n\t\t\t\t<div class=\"elementor-post__text\">\n\t\t\t\t<h3 class=\"elementor-post__title\">\n\t\t\t<a href=\"https:\/\/tropicosimaginados.com\/index.php\/ilustracion\/retrato-de-antoine-manen\/\" >\n\t\t\t\tRetrato de Antoine Manen\t\t\t<\/a>\n\t\t<\/h3>\n\t\t\t\t<div class=\"elementor-post__excerpt\">\n\t\t\t<p>Retrato de Antoine Manen, nativo de la regi\u00f3n oeste de Par\u00e1. Aparece representado sobre un fondo neutro, en contraposto, con una flecha en su mano<\/p>\n\t\t<\/div>\n\t\t\n\t\t<a class=\"elementor-post__read-more\" href=\"https:\/\/tropicosimaginados.com\/index.php\/ilustracion\/retrato-de-antoine-manen\/\" aria-label=\"M\u00e1s informaci\u00f3n sobre Retrato de Antoine Manen\" tabindex=\"-1\" >\n\t\t\tLeer m\u00e1s \u00bb\t\t<\/a>\n\n\t\t\t\t<\/div>\n\t\t\t\t\t<\/div>\n\t\t<\/article>\n\t\t\t\t<article class=\"elementor-post elementor-grid-item post-2359 ilustracion type-ilustracion status-publish has-post-thumbnail hentry obras-histoire-de-la-mission-des-peres-capucins\" role=\"listitem\">\n\t\t\t<div class=\"elementor-post__card\">\n\t\t\t\t<a class=\"elementor-post__thumbnail__link\" href=\"https:\/\/tropicosimaginados.com\/index.php\/ilustracion\/retrato-de-louis-henry\/\" tabindex=\"-1\" ><div class=\"elementor-post__thumbnail\"><img decoding=\"async\" width=\"640\" height=\"914\" src=\"https:\/\/tropicosimaginados.com\/wp-content\/uploads\/2023\/09\/Imagen-7-Claude-Abeville-768x1097.jpeg\" class=\"attachment-medium_large size-medium_large wp-image-2361\" alt=\"\" srcset=\"https:\/\/tropicosimaginados.com\/wp-content\/uploads\/2023\/09\/Imagen-7-Claude-Abeville-768x1097.jpeg 768w, https:\/\/tropicosimaginados.com\/wp-content\/uploads\/2023\/09\/Imagen-7-Claude-Abeville-210x300.jpeg 210w, https:\/\/tropicosimaginados.com\/wp-content\/uploads\/2023\/09\/Imagen-7-Claude-Abeville-717x1024.jpeg 717w, https:\/\/tropicosimaginados.com\/wp-content\/uploads\/2023\/09\/Imagen-7-Claude-Abeville.jpeg 1024w\" sizes=\"(max-width: 640px) 100vw, 640px\" \/><\/div><\/a>\n\t\t\t\t<div class=\"elementor-post__badge\">Histoire de la mission des P\u00e8res capucins<\/div>\n\t\t\t\t<div class=\"elementor-post__text\">\n\t\t\t\t<h3 class=\"elementor-post__title\">\n\t\t\t<a href=\"https:\/\/tropicosimaginados.com\/index.php\/ilustracion\/retrato-de-louis-henry\/\" >\n\t\t\t\tRetrato de Louis Henry\t\t\t<\/a>\n\t\t<\/h3>\n\t\t\t\t<div class=\"elementor-post__excerpt\">\n\t\t\t<p>Retrato de Louis Henry, antes nombrado Ou\u00e4royio, del pueblo tupinamb\u00e1. Representado sobre un fondo neutro, con un pie adelantado, viste una t\u00fanica larga al estilo<\/p>\n\t\t<\/div>\n\t\t\n\t\t<a class=\"elementor-post__read-more\" href=\"https:\/\/tropicosimaginados.com\/index.php\/ilustracion\/retrato-de-louis-henry\/\" aria-label=\"M\u00e1s informaci\u00f3n sobre Retrato de Louis Henry\" tabindex=\"-1\" >\n\t\t\tLeer m\u00e1s \u00bb\t\t<\/a>\n\n\t\t\t\t<\/div>\n\t\t\t\t\t<\/div>\n\t\t<\/article>\n\t\t\t\t<article class=\"elementor-post elementor-grid-item post-2344 ilustracion type-ilustracion status-publish has-post-thumbnail hentry obras-histoire-de-la-mission-des-peres-capucins\" role=\"listitem\">\n\t\t\t<div class=\"elementor-post__card\">\n\t\t\t\t<a class=\"elementor-post__thumbnail__link\" href=\"https:\/\/tropicosimaginados.com\/index.php\/ilustracion\/retrato-de-jacques-patova\/\" tabindex=\"-1\" ><div class=\"elementor-post__thumbnail\"><img loading=\"lazy\" decoding=\"async\" width=\"640\" height=\"942\" src=\"https:\/\/tropicosimaginados.com\/wp-content\/uploads\/2023\/09\/Imagen-4-Claude-Abeville-768x1130.jpeg\" class=\"attachment-medium_large size-medium_large wp-image-2345\" alt=\"\" srcset=\"https:\/\/tropicosimaginados.com\/wp-content\/uploads\/2023\/09\/Imagen-4-Claude-Abeville-768x1130.jpeg 768w, https:\/\/tropicosimaginados.com\/wp-content\/uploads\/2023\/09\/Imagen-4-Claude-Abeville-204x300.jpeg 204w, https:\/\/tropicosimaginados.com\/wp-content\/uploads\/2023\/09\/Imagen-4-Claude-Abeville-696x1024.jpeg 696w, https:\/\/tropicosimaginados.com\/wp-content\/uploads\/2023\/09\/Imagen-4-Claude-Abeville.jpeg 1024w\" sizes=\"(max-width: 640px) 100vw, 640px\" \/><\/div><\/a>\n\t\t\t\t<div class=\"elementor-post__badge\">Histoire de la mission des P\u00e8res capucins<\/div>\n\t\t\t\t<div class=\"elementor-post__text\">\n\t\t\t\t<h3 class=\"elementor-post__title\">\n\t\t\t<a href=\"https:\/\/tropicosimaginados.com\/index.php\/ilustracion\/retrato-de-jacques-patova\/\" >\n\t\t\t\tRetrato de Jacques Patova\t\t\t<\/a>\n\t\t<\/h3>\n\t\t\t\t<div class=\"elementor-post__excerpt\">\n\t\t\t<p>Retrato de Jacques Patova, nativo de la isla de Maranh\u00e3o y bautizado en su lecho de muerte. Jaques aparece representado sobre un fondo neutro, con<\/p>\n\t\t<\/div>\n\t\t\n\t\t<a class=\"elementor-post__read-more\" href=\"https:\/\/tropicosimaginados.com\/index.php\/ilustracion\/retrato-de-jacques-patova\/\" aria-label=\"M\u00e1s informaci\u00f3n sobre Retrato de Jacques Patova\" tabindex=\"-1\" >\n\t\t\tLeer m\u00e1s \u00bb\t\t<\/a>\n\n\t\t\t\t<\/div>\n\t\t\t\t\t<\/div>\n\t\t<\/article>\n\t\t\t\t<article class=\"elementor-post elementor-grid-item post-2340 ilustracion type-ilustracion status-publish has-post-thumbnail hentry obras-histoire-de-la-mission-des-peres-capucins\" role=\"listitem\">\n\t\t\t<div class=\"elementor-post__card\">\n\t\t\t\t<a class=\"elementor-post__thumbnail__link\" href=\"https:\/\/tropicosimaginados.com\/index.php\/ilustracion\/retrato-de-francois-carypyra\/\" tabindex=\"-1\" ><div class=\"elementor-post__thumbnail\"><img loading=\"lazy\" decoding=\"async\" width=\"640\" height=\"916\" src=\"https:\/\/tropicosimaginados.com\/wp-content\/uploads\/2023\/09\/Imagen-3-Claude-Abeville-768x1099.jpeg\" class=\"attachment-medium_large size-medium_large wp-image-2341\" alt=\"\" srcset=\"https:\/\/tropicosimaginados.com\/wp-content\/uploads\/2023\/09\/Imagen-3-Claude-Abeville-768x1099.jpeg 768w, https:\/\/tropicosimaginados.com\/wp-content\/uploads\/2023\/09\/Imagen-3-Claude-Abeville-210x300.jpeg 210w, https:\/\/tropicosimaginados.com\/wp-content\/uploads\/2023\/09\/Imagen-3-Claude-Abeville-716x1024.jpeg 716w, https:\/\/tropicosimaginados.com\/wp-content\/uploads\/2023\/09\/Imagen-3-Claude-Abeville.jpeg 1024w\" sizes=\"(max-width: 640px) 100vw, 640px\" \/><\/div><\/a>\n\t\t\t\t<div class=\"elementor-post__badge\">Histoire de la mission des P\u00e8res capucins<\/div>\n\t\t\t\t<div class=\"elementor-post__text\">\n\t\t\t\t<h3 class=\"elementor-post__title\">\n\t\t\t<a href=\"https:\/\/tropicosimaginados.com\/index.php\/ilustracion\/retrato-de-francois-carypyra\/\" >\n\t\t\t\tRetrato de Fran\u00e7ois Carypyra\t\t\t<\/a>\n\t\t<\/h3>\n\t\t\t\t<div class=\"elementor-post__excerpt\">\n\t\t\t<p>Retrato de Fran\u00e7ois Carypyra, guerrero del pueblo tabajara, convertido y bautizado. Sobre un fondo neutro, Carypyra se yergue en contraposto con la mano izquierda en<\/p>\n\t\t<\/div>\n\t\t\n\t\t<a class=\"elementor-post__read-more\" href=\"https:\/\/tropicosimaginados.com\/index.php\/ilustracion\/retrato-de-francois-carypyra\/\" aria-label=\"M\u00e1s informaci\u00f3n sobre Retrato de Fran\u00e7ois Carypyra\" tabindex=\"-1\" >\n\t\t\tLeer m\u00e1s \u00bb\t\t<\/a>\n\n\t\t\t\t<\/div>\n\t\t\t\t\t<\/div>\n\t\t<\/article>\n\t\t\t\t<article class=\"elementor-post elementor-grid-item post-2364 ilustracion type-ilustracion status-publish has-post-thumbnail hentry obras-histoire-de-la-mission-des-peres-capucins\" role=\"listitem\">\n\t\t\t<div class=\"elementor-post__card\">\n\t\t\t\t<a class=\"elementor-post__thumbnail__link\" href=\"https:\/\/tropicosimaginados.com\/index.php\/ilustracion\/retrato-de-louis-de-st-iehan\/\" tabindex=\"-1\" ><div class=\"elementor-post__thumbnail\"><img loading=\"lazy\" decoding=\"async\" width=\"640\" height=\"909\" src=\"https:\/\/tropicosimaginados.com\/wp-content\/uploads\/2023\/09\/Imagen-8-Claude-Abeville-768x1091.jpeg\" class=\"attachment-medium_large size-medium_large wp-image-2365\" alt=\"\" srcset=\"https:\/\/tropicosimaginados.com\/wp-content\/uploads\/2023\/09\/Imagen-8-Claude-Abeville-768x1091.jpeg 768w, https:\/\/tropicosimaginados.com\/wp-content\/uploads\/2023\/09\/Imagen-8-Claude-Abeville-211x300.jpeg 211w, https:\/\/tropicosimaginados.com\/wp-content\/uploads\/2023\/09\/Imagen-8-Claude-Abeville-721x1024.jpeg 721w, https:\/\/tropicosimaginados.com\/wp-content\/uploads\/2023\/09\/Imagen-8-Claude-Abeville.jpeg 1024w\" sizes=\"(max-width: 640px) 100vw, 640px\" \/><\/div><\/a>\n\t\t\t\t<div class=\"elementor-post__badge\">Histoire de la mission des P\u00e8res capucins<\/div>\n\t\t\t\t<div class=\"elementor-post__text\">\n\t\t\t\t<h3 class=\"elementor-post__title\">\n\t\t\t<a href=\"https:\/\/tropicosimaginados.com\/index.php\/ilustracion\/retrato-de-louis-de-st-iehan\/\" >\n\t\t\t\tRetrato de Louis de St. Iehan\t\t\t<\/a>\n\t\t<\/h3>\n\t\t\t\t<div class=\"elementor-post__excerpt\">\n\t\t\t<p>Retrato de Louis de St. Iehan, antes nombrado Iapou\u00e4y, nativo de la isla de Maranh\u00e3o. Representado sobre un fondo neutro, viste una t\u00fanica larga al<\/p>\n\t\t<\/div>\n\t\t\n\t\t<a class=\"elementor-post__read-more\" href=\"https:\/\/tropicosimaginados.com\/index.php\/ilustracion\/retrato-de-louis-de-st-iehan\/\" aria-label=\"M\u00e1s informaci\u00f3n sobre Retrato de Louis de St. Iehan\" tabindex=\"-1\" >\n\t\t\tLeer m\u00e1s \u00bb\t\t<\/a>\n\n\t\t\t\t<\/div>\n\t\t\t\t\t<\/div>\n\t\t<\/article>\n\t\t\t\t<article class=\"elementor-post elementor-grid-item post-2376 ilustracion type-ilustracion status-publish has-post-thumbnail hentry obras-arte-da-lingoa-da-iapam\" role=\"listitem\">\n\t\t\t<div class=\"elementor-post__card\">\n\t\t\t\t<a class=\"elementor-post__thumbnail__link\" href=\"https:\/\/tropicosimaginados.com\/index.php\/ilustracion\/monograma-de-la-compania-de-jesus-34\/\" tabindex=\"-1\" ><div class=\"elementor-post__thumbnail\"><img loading=\"lazy\" decoding=\"async\" width=\"527\" height=\"655\" src=\"https:\/\/tropicosimaginados.com\/wp-content\/uploads\/2023\/09\/Imagen-30-Joao-Rodrigues.png\" class=\"attachment-medium_large size-medium_large wp-image-2378\" alt=\"\" srcset=\"https:\/\/tropicosimaginados.com\/wp-content\/uploads\/2023\/09\/Imagen-30-Joao-Rodrigues.png 527w, https:\/\/tropicosimaginados.com\/wp-content\/uploads\/2023\/09\/Imagen-30-Joao-Rodrigues-241x300.png 241w\" sizes=\"(max-width: 527px) 100vw, 527px\" \/><\/div><\/a>\n\t\t\t\t<div class=\"elementor-post__badge\">Arte da lingoa da Iapam<\/div>\n\t\t\t\t<div class=\"elementor-post__text\">\n\t\t\t\t<h3 class=\"elementor-post__title\">\n\t\t\t<a href=\"https:\/\/tropicosimaginados.com\/index.php\/ilustracion\/monograma-de-la-compania-de-jesus-34\/\" >\n\t\t\t\tMonograma de la Compa\u00f1\u00eda de Jes\u00fas\t\t\t<\/a>\n\t\t<\/h3>\n\t\t\t\t<div class=\"elementor-post__excerpt\">\n\t\t\t<p>Monograma de la Compa\u00f1\u00eda de Jes\u00fas enmarcado en figuras geom\u00e9tricas y rodeado por una leyenda latina que reza \u00abVocabis nomem eius Iesum\u00bb. &nbsp;<\/p>\n\t\t<\/div>\n\t\t\n\t\t<a class=\"elementor-post__read-more\" href=\"https:\/\/tropicosimaginados.com\/index.php\/ilustracion\/monograma-de-la-compania-de-jesus-34\/\" aria-label=\"M\u00e1s informaci\u00f3n sobre Monograma de la Compa\u00f1\u00eda de Jes\u00fas\" tabindex=\"-1\" >\n\t\t\tLeer m\u00e1s \u00bb\t\t<\/a>\n\n\t\t\t\t<\/div>\n\t\t\t\t\t<\/div>\n\t\t<\/article>\n\t\t\t\t<article class=\"elementor-post elementor-grid-item post-2368 ilustracion type-ilustracion status-publish has-post-thumbnail hentry obras-histoire-des-indes-orientales\" role=\"listitem\">\n\t\t\t<div class=\"elementor-post__card\">\n\t\t\t\t<a class=\"elementor-post__thumbnail__link\" href=\"https:\/\/tropicosimaginados.com\/index.php\/ilustracion\/ilustracion-de-nativo-y-paisaje-de-la-india-oriental\/\" tabindex=\"-1\" ><div class=\"elementor-post__thumbnail\"><img loading=\"lazy\" decoding=\"async\" width=\"639\" height=\"349\" src=\"https:\/\/tropicosimaginados.com\/wp-content\/uploads\/2023\/09\/Imagen-9-Abad-Guyon-t1.png\" class=\"attachment-medium_large size-medium_large wp-image-2369\" alt=\"\" srcset=\"https:\/\/tropicosimaginados.com\/wp-content\/uploads\/2023\/09\/Imagen-9-Abad-Guyon-t1.png 639w, https:\/\/tropicosimaginados.com\/wp-content\/uploads\/2023\/09\/Imagen-9-Abad-Guyon-t1-300x164.png 300w\" sizes=\"(max-width: 639px) 100vw, 639px\" \/><\/div><\/a>\n\t\t\t\t<div class=\"elementor-post__badge\">Histoire des Indes Orientales<\/div>\n\t\t\t\t<div class=\"elementor-post__text\">\n\t\t\t\t<h3 class=\"elementor-post__title\">\n\t\t\t<a href=\"https:\/\/tropicosimaginados.com\/index.php\/ilustracion\/ilustracion-de-nativo-y-paisaje-de-la-india-oriental\/\" >\n\t\t\t\tIlustraci\u00f3n de nativo y paisaje de la India Oriental\t\t\t<\/a>\n\t\t<\/h3>\n\t\t\t\t<div class=\"elementor-post__excerpt\">\n\t\t\t<p>La imagen representa a un hombre nativo de la India Oriental en primer plano. Este luce una corona y una falda confeccionados con materiales vegetales<\/p>\n\t\t<\/div>\n\t\t\n\t\t<a class=\"elementor-post__read-more\" href=\"https:\/\/tropicosimaginados.com\/index.php\/ilustracion\/ilustracion-de-nativo-y-paisaje-de-la-india-oriental\/\" aria-label=\"M\u00e1s informaci\u00f3n sobre Ilustraci\u00f3n de nativo y paisaje de la India Oriental\" tabindex=\"-1\" >\n\t\t\tLeer m\u00e1s \u00bb\t\t<\/a>\n\n\t\t\t\t<\/div>\n\t\t\t\t\t<\/div>\n\t\t<\/article>\n\t\t\t\t<article class=\"elementor-post elementor-grid-item post-2336 ilustracion type-ilustracion status-publish has-post-thumbnail hentry obras-histoire-de-la-mission-des-peres-capucins\" role=\"listitem\">\n\t\t\t<div class=\"elementor-post__card\">\n\t\t\t\t<a class=\"elementor-post__thumbnail__link\" href=\"https:\/\/tropicosimaginados.com\/index.php\/ilustracion\/adoracion-de-la-cruz-en-la-isla-de-maranhao\/\" tabindex=\"-1\" ><div class=\"elementor-post__thumbnail\"><img loading=\"lazy\" decoding=\"async\" width=\"640\" height=\"989\" src=\"https:\/\/tropicosimaginados.com\/wp-content\/uploads\/2023\/09\/Imagen-2-Claude-Abeville-768x1187.jpeg\" class=\"attachment-medium_large size-medium_large wp-image-2337\" alt=\"\" srcset=\"https:\/\/tropicosimaginados.com\/wp-content\/uploads\/2023\/09\/Imagen-2-Claude-Abeville-768x1187.jpeg 768w, https:\/\/tropicosimaginados.com\/wp-content\/uploads\/2023\/09\/Imagen-2-Claude-Abeville-194x300.jpeg 194w, https:\/\/tropicosimaginados.com\/wp-content\/uploads\/2023\/09\/Imagen-2-Claude-Abeville-662x1024.jpeg 662w, https:\/\/tropicosimaginados.com\/wp-content\/uploads\/2023\/09\/Imagen-2-Claude-Abeville-994x1536.jpeg 994w, https:\/\/tropicosimaginados.com\/wp-content\/uploads\/2023\/09\/Imagen-2-Claude-Abeville.jpeg 1013w\" sizes=\"(max-width: 640px) 100vw, 640px\" \/><\/div><\/a>\n\t\t\t\t<div class=\"elementor-post__badge\">Histoire de la mission des P\u00e8res capucins<\/div>\n\t\t\t\t<div class=\"elementor-post__text\">\n\t\t\t\t<h3 class=\"elementor-post__title\">\n\t\t\t<a href=\"https:\/\/tropicosimaginados.com\/index.php\/ilustracion\/adoracion-de-la-cruz-en-la-isla-de-maranhao\/\" >\n\t\t\t\tAdoraci\u00f3n de la cruz en la isla de Maranh\u00e3o\t\t\t<\/a>\n\t\t<\/h3>\n\t\t\t\t<div class=\"elementor-post__excerpt\">\n\t\t\t<p>La imagen representa a cuatros misioneros capuchinos y otros cuatro gentilhombres franceses arrodillados en primer plano y en actitud de adoraci\u00f3n frente a la cruz.<\/p>\n\t\t<\/div>\n\t\t\n\t\t<a class=\"elementor-post__read-more\" href=\"https:\/\/tropicosimaginados.com\/index.php\/ilustracion\/adoracion-de-la-cruz-en-la-isla-de-maranhao\/\" aria-label=\"M\u00e1s informaci\u00f3n sobre Adoraci\u00f3n de la cruz en la isla de Maranh\u00e3o\" tabindex=\"-1\" >\n\t\t\tLeer m\u00e1s \u00bb\t\t<\/a>\n\n\t\t\t\t<\/div>\n\t\t\t\t\t<\/div>\n\t\t<\/article>\n\t\t\t\t<article class=\"elementor-post elementor-grid-item post-2372 ilustracion type-ilustracion status-publish has-post-thumbnail hentry obras-christiani-pueri-instituto\" role=\"listitem\">\n\t\t\t<div class=\"elementor-post__card\">\n\t\t\t\t<a class=\"elementor-post__thumbnail__link\" href=\"https:\/\/tropicosimaginados.com\/index.php\/ilustracion\/portada-alegorica-de-la-edicion-macaense-de-christiani-pueri-institutio\/\" tabindex=\"-1\" ><div class=\"elementor-post__thumbnail\"><img loading=\"lazy\" decoding=\"async\" width=\"638\" height=\"947\" src=\"https:\/\/tropicosimaginados.com\/wp-content\/uploads\/2023\/09\/Imagen-29-Juan-Bonifacio.jpg\" class=\"attachment-medium_large size-medium_large wp-image-2373\" alt=\"\" srcset=\"https:\/\/tropicosimaginados.com\/wp-content\/uploads\/2023\/09\/Imagen-29-Juan-Bonifacio.jpg 638w, https:\/\/tropicosimaginados.com\/wp-content\/uploads\/2023\/09\/Imagen-29-Juan-Bonifacio-202x300.jpg 202w\" sizes=\"(max-width: 638px) 100vw, 638px\" \/><\/div><\/a>\n\t\t\t\t<div class=\"elementor-post__badge\">Christiani pueri institutio<\/div>\n\t\t\t\t<div class=\"elementor-post__text\">\n\t\t\t\t<h3 class=\"elementor-post__title\">\n\t\t\t<a href=\"https:\/\/tropicosimaginados.com\/index.php\/ilustracion\/portada-alegorica-de-la-edicion-macaense-de-christiani-pueri-institutio\/\" >\n\t\t\t\tPortada aleg\u00f3rica de la edici\u00f3n macaense de Christiani Pueri Institutio\t\t\t<\/a>\n\t\t<\/h3>\n\t\t\t\t<div class=\"elementor-post__excerpt\">\n\t\t\t<p>Representa a Dios padre y Jesucristo sentados en un trono. Ambos portan sendos cetros que apoyan sobre el hombro y posan su mano sobre un<\/p>\n\t\t<\/div>\n\t\t\n\t\t<a class=\"elementor-post__read-more\" href=\"https:\/\/tropicosimaginados.com\/index.php\/ilustracion\/portada-alegorica-de-la-edicion-macaense-de-christiani-pueri-institutio\/\" aria-label=\"M\u00e1s informaci\u00f3n sobre Portada aleg\u00f3rica de la edici\u00f3n macaense de Christiani Pueri Institutio\" tabindex=\"-1\" >\n\t\t\tLeer m\u00e1s \u00bb\t\t<\/a>\n\n\t\t\t\t<\/div>\n\t\t\t\t\t<\/div>\n\t\t<\/article>\n\t\t\t\t<article class=\"elementor-post elementor-grid-item post-2320 ilustracion type-ilustracion status-publish has-post-thumbnail hentry obras-histoire-de-la-mission-des-peres-capucins\" role=\"listitem\">\n\t\t\t<div class=\"elementor-post__card\">\n\t\t\t\t<a class=\"elementor-post__thumbnail__link\" href=\"https:\/\/tropicosimaginados.com\/index.php\/ilustracion\/titulo-de-prueba\/\" tabindex=\"-1\" ><div class=\"elementor-post__thumbnail\"><img loading=\"lazy\" decoding=\"async\" width=\"640\" height=\"949\" src=\"https:\/\/tropicosimaginados.com\/wp-content\/uploads\/2023\/09\/Imagen-1-Claude-Abeville-768x1139.jpeg\" class=\"attachment-medium_large size-medium_large wp-image-2333\" alt=\"\" srcset=\"https:\/\/tropicosimaginados.com\/wp-content\/uploads\/2023\/09\/Imagen-1-Claude-Abeville-768x1139.jpeg 768w, https:\/\/tropicosimaginados.com\/wp-content\/uploads\/2023\/09\/Imagen-1-Claude-Abeville-202x300.jpeg 202w, https:\/\/tropicosimaginados.com\/wp-content\/uploads\/2023\/09\/Imagen-1-Claude-Abeville-690x1024.jpeg 690w, https:\/\/tropicosimaginados.com\/wp-content\/uploads\/2023\/09\/Imagen-1-Claude-Abeville.jpeg 1024w\" sizes=\"(max-width: 640px) 100vw, 640px\" \/><\/div><\/a>\n\t\t\t\t<div class=\"elementor-post__badge\">Histoire de la mission des P\u00e8res capucins<\/div>\n\t\t\t\t<div class=\"elementor-post__text\">\n\t\t\t\t<h3 class=\"elementor-post__title\">\n\t\t\t<a href=\"https:\/\/tropicosimaginados.com\/index.php\/ilustracion\/titulo-de-prueba\/\" >\n\t\t\t\tLa Iglesia de Francia y las misiones de la isla de Maranh\u00e3o\t\t\t<\/a>\n\t\t<\/h3>\n\t\t\t\t<div class=\"elementor-post__excerpt\">\n\t\t\t<p>Frontispicio coronado por una representaci\u00f3n del Esp\u00edritu Santo flanqueada por el escudo de la Corona francesa a la izquierda, con tres flores de lis, y<\/p>\n\t\t<\/div>\n\t\t\n\t\t<a class=\"elementor-post__read-more\" href=\"https:\/\/tropicosimaginados.com\/index.php\/ilustracion\/titulo-de-prueba\/\" aria-label=\"M\u00e1s informaci\u00f3n sobre La Iglesia de Francia y las misiones de la isla de Maranh\u00e3o\" tabindex=\"-1\" >\n\t\t\tLeer m\u00e1s \u00bb\t\t<\/a>\n\n\t\t\t\t<\/div>\n\t\t\t\t\t<\/div>\n\t\t<\/article>\n\t\t\t\t<article class=\"elementor-post elementor-grid-item post-1878 ilustracion type-ilustracion status-publish has-post-thumbnail hentry obras-doutrina-christa-1616\" role=\"listitem\">\n\t\t\t<div class=\"elementor-post__card\">\n\t\t\t\t<a class=\"elementor-post__thumbnail__link\" href=\"https:\/\/tropicosimaginados.com\/index.php\/ilustracion\/o-septimo-preguica\/\" tabindex=\"-1\" ><div class=\"elementor-post__thumbnail\"><img loading=\"lazy\" decoding=\"async\" width=\"640\" height=\"1008\" src=\"https:\/\/tropicosimaginados.com\/wp-content\/uploads\/2021\/08\/0317-pereza-jorge_1616.jpg\" class=\"attachment-medium_large size-medium_large wp-image-1246\" alt=\"\" srcset=\"https:\/\/tropicosimaginados.com\/wp-content\/uploads\/2021\/08\/0317-pereza-jorge_1616.jpg 669w, https:\/\/tropicosimaginados.com\/wp-content\/uploads\/2021\/08\/0317-pereza-jorge_1616-190x300.jpg 190w, https:\/\/tropicosimaginados.com\/wp-content\/uploads\/2021\/08\/0317-pereza-jorge_1616-650x1024.jpg 650w\" sizes=\"(max-width: 640px) 100vw, 640px\" \/><\/div><\/a>\n\t\t\t\t<div class=\"elementor-post__badge\">Doutrina christ\u00e3 (1616)<\/div>\n\t\t\t\t<div class=\"elementor-post__text\">\n\t\t\t\t<h3 class=\"elementor-post__title\">\n\t\t\t<a href=\"https:\/\/tropicosimaginados.com\/index.php\/ilustracion\/o-septimo-preguica\/\" >\n\t\t\t\tO Septimo. Pregui\u00e7a\t\t\t<\/a>\n\t\t<\/h3>\n\t\t\t\t<div class=\"elementor-post__excerpt\">\n\t\t\t<p>Exposici\u00f3n del s\u00e9ptimo de los pecados capitales. En primer plano, una mujer duerme recostada sobre el tronco de un \u00e1rbol. A sus pies, un asno<\/p>\n\t\t<\/div>\n\t\t\n\t\t<a class=\"elementor-post__read-more\" href=\"https:\/\/tropicosimaginados.com\/index.php\/ilustracion\/o-septimo-preguica\/\" aria-label=\"M\u00e1s informaci\u00f3n sobre O Septimo. Pregui\u00e7a\" tabindex=\"-1\" >\n\t\t\tLeer m\u00e1s \u00bb\t\t<\/a>\n\n\t\t\t\t<\/div>\n\t\t\t\t\t<\/div>\n\t\t<\/article>\n\t\t\t\t<\/div>\n\t\t\n\t\t\t\t<div class=\"e-load-more-anchor\" data-page=\"1\" data-max-page=\"28\" data-next-page=\"https:\/\/tropicosimaginados.com\/index.php\/wp-json\/wp\/v2\/pages\/55\/page\/2\/\"><\/div>\n\t\t\t\t<nav class=\"elementor-pagination\" aria-label=\"Paginaci\u00f3n\">\n\t\t\t<span class=\"page-numbers prev\">&laquo; Anterior<\/span>\n<span aria-current=\"page\" class=\"page-numbers current\"><span class=\"elementor-screen-only\">P\u00e1gina<\/span>1<\/span>\n<a class=\"page-numbers\" href=\"https:\/\/tropicosimaginados.com\/index.php\/wp-json\/wp\/v2\/pages\/55\/page\/2\/\"><span class=\"elementor-screen-only\">P\u00e1gina<\/span>2<\/a>\n<a class=\"page-numbers\" href=\"https:\/\/tropicosimaginados.com\/index.php\/wp-json\/wp\/v2\/pages\/55\/page\/3\/\"><span class=\"elementor-screen-only\">P\u00e1gina<\/span>3<\/a>\n<a class=\"page-numbers\" href=\"https:\/\/tropicosimaginados.com\/index.php\/wp-json\/wp\/v2\/pages\/55\/page\/4\/\"><span class=\"elementor-screen-only\">P\u00e1gina<\/span>4<\/a>\n<a class=\"page-numbers\" href=\"https:\/\/tropicosimaginados.com\/index.php\/wp-json\/wp\/v2\/pages\/55\/page\/5\/\"><span class=\"elementor-screen-only\">P\u00e1gina<\/span>5<\/a>\n<a class=\"page-numbers\" href=\"https:\/\/tropicosimaginados.com\/index.php\/wp-json\/wp\/v2\/pages\/55\/page\/6\/\"><span class=\"elementor-screen-only\">P\u00e1gina<\/span>6<\/a>\n<a class=\"page-numbers\" href=\"https:\/\/tropicosimaginados.com\/index.php\/wp-json\/wp\/v2\/pages\/55\/page\/7\/\"><span class=\"elementor-screen-only\">P\u00e1gina<\/span>7<\/a>\n<a class=\"page-numbers\" href=\"https:\/\/tropicosimaginados.com\/index.php\/wp-json\/wp\/v2\/pages\/55\/page\/8\/\"><span class=\"elementor-screen-only\">P\u00e1gina<\/span>8<\/a>\n<a class=\"page-numbers\" href=\"https:\/\/tropicosimaginados.com\/index.php\/wp-json\/wp\/v2\/pages\/55\/page\/9\/\"><span class=\"elementor-screen-only\">P\u00e1gina<\/span>9<\/a>\n<a class=\"page-numbers\" href=\"https:\/\/tropicosimaginados.com\/index.php\/wp-json\/wp\/v2\/pages\/55\/page\/10\/\"><span class=\"elementor-screen-only\">P\u00e1gina<\/span>10<\/a>\n<a class=\"page-numbers\" href=\"https:\/\/tropicosimaginados.com\/index.php\/wp-json\/wp\/v2\/pages\/55\/page\/11\/\"><span class=\"elementor-screen-only\">P\u00e1gina<\/span>11<\/a>\n<a class=\"page-numbers\" href=\"https:\/\/tropicosimaginados.com\/index.php\/wp-json\/wp\/v2\/pages\/55\/page\/12\/\"><span class=\"elementor-screen-only\">P\u00e1gina<\/span>12<\/a>\n<a class=\"page-numbers\" href=\"https:\/\/tropicosimaginados.com\/index.php\/wp-json\/wp\/v2\/pages\/55\/page\/13\/\"><span class=\"elementor-screen-only\">P\u00e1gina<\/span>13<\/a>\n<a class=\"page-numbers\" href=\"https:\/\/tropicosimaginados.com\/index.php\/wp-json\/wp\/v2\/pages\/55\/page\/14\/\"><span class=\"elementor-screen-only\">P\u00e1gina<\/span>14<\/a>\n<a class=\"page-numbers\" href=\"https:\/\/tropicosimaginados.com\/index.php\/wp-json\/wp\/v2\/pages\/55\/page\/15\/\"><span class=\"elementor-screen-only\">P\u00e1gina<\/span>15<\/a>\n<a class=\"page-numbers\" href=\"https:\/\/tropicosimaginados.com\/index.php\/wp-json\/wp\/v2\/pages\/55\/page\/16\/\"><span class=\"elementor-screen-only\">P\u00e1gina<\/span>16<\/a>\n<a class=\"page-numbers\" href=\"https:\/\/tropicosimaginados.com\/index.php\/wp-json\/wp\/v2\/pages\/55\/page\/17\/\"><span class=\"elementor-screen-only\">P\u00e1gina<\/span>17<\/a>\n<a class=\"page-numbers\" href=\"https:\/\/tropicosimaginados.com\/index.php\/wp-json\/wp\/v2\/pages\/55\/page\/18\/\"><span class=\"elementor-screen-only\">P\u00e1gina<\/span>18<\/a>\n<a class=\"page-numbers\" href=\"https:\/\/tropicosimaginados.com\/index.php\/wp-json\/wp\/v2\/pages\/55\/page\/19\/\"><span class=\"elementor-screen-only\">P\u00e1gina<\/span>19<\/a>\n<a class=\"page-numbers\" href=\"https:\/\/tropicosimaginados.com\/index.php\/wp-json\/wp\/v2\/pages\/55\/page\/20\/\"><span class=\"elementor-screen-only\">P\u00e1gina<\/span>20<\/a>\n<a class=\"page-numbers\" href=\"https:\/\/tropicosimaginados.com\/index.php\/wp-json\/wp\/v2\/pages\/55\/page\/21\/\"><span class=\"elementor-screen-only\">P\u00e1gina<\/span>21<\/a>\n<a class=\"page-numbers\" href=\"https:\/\/tropicosimaginados.com\/index.php\/wp-json\/wp\/v2\/pages\/55\/page\/22\/\"><span class=\"elementor-screen-only\">P\u00e1gina<\/span>22<\/a>\n<a class=\"page-numbers\" href=\"https:\/\/tropicosimaginados.com\/index.php\/wp-json\/wp\/v2\/pages\/55\/page\/23\/\"><span class=\"elementor-screen-only\">P\u00e1gina<\/span>23<\/a>\n<a class=\"page-numbers\" href=\"https:\/\/tropicosimaginados.com\/index.php\/wp-json\/wp\/v2\/pages\/55\/page\/24\/\"><span class=\"elementor-screen-only\">P\u00e1gina<\/span>24<\/a>\n<a class=\"page-numbers\" href=\"https:\/\/tropicosimaginados.com\/index.php\/wp-json\/wp\/v2\/pages\/55\/page\/25\/\"><span class=\"elementor-screen-only\">P\u00e1gina<\/span>25<\/a>\n<a class=\"page-numbers\" href=\"https:\/\/tropicosimaginados.com\/index.php\/wp-json\/wp\/v2\/pages\/55\/page\/26\/\"><span class=\"elementor-screen-only\">P\u00e1gina<\/span>26<\/a>\n<a class=\"page-numbers\" href=\"https:\/\/tropicosimaginados.com\/index.php\/wp-json\/wp\/v2\/pages\/55\/page\/27\/\"><span class=\"elementor-screen-only\">P\u00e1gina<\/span>27<\/a>\n<a class=\"page-numbers\" href=\"https:\/\/tropicosimaginados.com\/index.php\/wp-json\/wp\/v2\/pages\/55\/page\/28\/\"><span class=\"elementor-screen-only\">P\u00e1gina<\/span>28<\/a>\n<a class=\"page-numbers next\" href=\"https:\/\/tropicosimaginados.com\/index.php\/wp-json\/wp\/v2\/pages\/55\/page\/2\/\">Siguiente &raquo;<\/a>\t\t<\/nav>\n\t\t\t\t\t\t<\/div>\n\t\t\t\t<\/div>\n\t\t\t\t\t<\/div>\n\t\t<\/div>\n\t\t\t\t\t<\/div>\n\t\t<\/section>\n\t\t\t\t<section class=\"elementor-section elementor-top-section elementor-element elementor-element-67eac9a6 elementor-section-boxed elementor-section-height-default elementor-section-height-default\" data-id=\"67eac9a6\" data-element_type=\"section\" data-e-type=\"section\">\n\t\t\t\t\t\t<div class=\"elementor-container elementor-column-gap-default\">\n\t\t\t\t\t<div class=\"elementor-column elementor-col-100 elementor-top-column elementor-element elementor-element-9191960\" data-id=\"9191960\" data-element_type=\"column\" data-e-type=\"column\">\n\t\t\t<div class=\"elementor-widget-wrap elementor-element-populated\">\n\t\t\t\t\t\t<div class=\"elementor-element elementor-element-2cd5c6f6 elementor-widget elementor-widget-heading\" data-id=\"2cd5c6f6\" data-element_type=\"widget\" data-e-type=\"widget\" data-widget_type=\"heading.default\">\n\t\t\t\t<div class=\"elementor-widget-container\">\n\t\t\t\t\t<h2 class=\"elementor-heading-title elementor-size-default\">Compartir esta p\u00e1gina<\/h2>\t\t\t\t<\/div>\n\t\t\t\t<\/div>\n\t\t\t\t<div class=\"elementor-element elementor-element-2d6744e4 elementor-grid-mobile-1 elementor-share-buttons--view-icon-text elementor-share-buttons--skin-gradient elementor-share-buttons--shape-square elementor-grid-0 elementor-share-buttons--color-official elementor-widget elementor-widget-share-buttons\" data-id=\"2d6744e4\" data-element_type=\"widget\" data-e-type=\"widget\" data-widget_type=\"share-buttons.default\">\n\t\t\t\t<div class=\"elementor-widget-container\">\n\t\t\t\t\t\t\t<div class=\"elementor-grid\" role=\"list\">\n\t\t\t\t\t\t\t\t<div class=\"elementor-grid-item\" role=\"listitem\">\n\t\t\t\t\t\t<div class=\"elementor-share-btn elementor-share-btn_facebook\" role=\"button\" tabindex=\"0\" aria-label=\"Compartir en facebook\">\n\t\t\t\t\t\t\t\t\t\t\t\t\t\t\t<span class=\"elementor-share-btn__icon\">\n\t\t\t\t\t\t\t\t<i class=\"fab fa-facebook\" aria-hidden=\"true\"><\/i>\t\t\t\t\t\t\t<\/span>\n\t\t\t\t\t\t\t\t\t\t\t\t\t\t\t\t\t\t\t\t\t\t<div class=\"elementor-share-btn__text\">\n\t\t\t\t\t\t\t\t\t\t\t\t\t\t\t\t\t\t\t<span class=\"elementor-share-btn__title\">\n\t\t\t\t\t\t\t\t\t\tFacebook\t\t\t\t\t\t\t\t\t<\/span>\n\t\t\t\t\t\t\t\t\t\t\t\t\t\t\t\t\t<\/div>\n\t\t\t\t\t\t\t\t\t\t\t\t\t<\/div>\n\t\t\t\t\t<\/div>\n\t\t\t\t\t\t\t\t\t<div class=\"elementor-grid-item\" role=\"listitem\">\n\t\t\t\t\t\t<div class=\"elementor-share-btn elementor-share-btn_twitter\" role=\"button\" tabindex=\"0\" aria-label=\"Compartir en twitter\">\n\t\t\t\t\t\t\t\t\t\t\t\t\t\t\t<span class=\"elementor-share-btn__icon\">\n\t\t\t\t\t\t\t\t<i class=\"fab fa-twitter\" aria-hidden=\"true\"><\/i>\t\t\t\t\t\t\t<\/span>\n\t\t\t\t\t\t\t\t\t\t\t\t\t\t\t\t\t\t\t\t\t\t<div class=\"elementor-share-btn__text\">\n\t\t\t\t\t\t\t\t\t\t\t\t\t\t\t\t\t\t\t<span class=\"elementor-share-btn__title\">\n\t\t\t\t\t\t\t\t\t\tTwitter\t\t\t\t\t\t\t\t\t<\/span>\n\t\t\t\t\t\t\t\t\t\t\t\t\t\t\t\t\t<\/div>\n\t\t\t\t\t\t\t\t\t\t\t\t\t<\/div>\n\t\t\t\t\t<\/div>\n\t\t\t\t\t\t\t\t\t<div class=\"elementor-grid-item\" role=\"listitem\">\n\t\t\t\t\t\t<div class=\"elementor-share-btn elementor-share-btn_linkedin\" role=\"button\" tabindex=\"0\" aria-label=\"Compartir en linkedin\">\n\t\t\t\t\t\t\t\t\t\t\t\t\t\t\t<span class=\"elementor-share-btn__icon\">\n\t\t\t\t\t\t\t\t<i class=\"fab fa-linkedin\" aria-hidden=\"true\"><\/i>\t\t\t\t\t\t\t<\/span>\n\t\t\t\t\t\t\t\t\t\t\t\t\t\t\t\t\t\t\t\t\t\t<div class=\"elementor-share-btn__text\">\n\t\t\t\t\t\t\t\t\t\t\t\t\t\t\t\t\t\t\t<span class=\"elementor-share-btn__title\">\n\t\t\t\t\t\t\t\t\t\tLinkedIn\t\t\t\t\t\t\t\t\t<\/span>\n\t\t\t\t\t\t\t\t\t\t\t\t\t\t\t\t\t<\/div>\n\t\t\t\t\t\t\t\t\t\t\t\t\t<\/div>\n\t\t\t\t\t<\/div>\n\t\t\t\t\t\t\t\t\t<div class=\"elementor-grid-item\" role=\"listitem\">\n\t\t\t\t\t\t<div class=\"elementor-share-btn elementor-share-btn_email\" role=\"button\" tabindex=\"0\" aria-label=\"Compartir en email\">\n\t\t\t\t\t\t\t\t\t\t\t\t\t\t\t<span class=\"elementor-share-btn__icon\">\n\t\t\t\t\t\t\t\t<i class=\"fas fa-envelope\" aria-hidden=\"true\"><\/i>\t\t\t\t\t\t\t<\/span>\n\t\t\t\t\t\t\t\t\t\t\t\t\t\t\t\t\t\t\t\t\t\t<div class=\"elementor-share-btn__text\">\n\t\t\t\t\t\t\t\t\t\t\t\t\t\t\t\t\t\t\t<span class=\"elementor-share-btn__title\">\n\t\t\t\t\t\t\t\t\t\tEmail\t\t\t\t\t\t\t\t\t<\/span>\n\t\t\t\t\t\t\t\t\t\t\t\t\t\t\t\t\t<\/div>\n\t\t\t\t\t\t\t\t\t\t\t\t\t<\/div>\n\t\t\t\t\t<\/div>\n\t\t\t\t\t\t<\/div>\n\t\t\t\t\t\t<\/div>\n\t\t\t\t<\/div>\n\t\t\t\t\t<\/div>\n\t\t<\/div>\n\t\t\t\t\t<\/div>\n\t\t<\/section>\n\t\t\t\t<\/div>\n\t\t","protected":false},"excerpt":{"rendered":"<p>Tr\u00f3picos Imaginados erudici\u00f3n religiosa e im\u00e1genes en el Imperio portugu\u00e9s de la Edad Moderna Compartir esta p\u00e1gina Share on facebook Facebook Share on twitter Twitter Share on linkedin LinkedIn Share on email Email<\/p>\n","protected":false},"author":1,"featured_media":0,"parent":0,"menu_order":0,"comment_status":"closed","ping_status":"closed","template":"","meta":{"_acf_changed":false,"footnotes":""},"class_list":["post-55","page","type-page","status-publish","hentry"],"acf":[],"_links":{"self":[{"href":"https:\/\/tropicosimaginados.com\/index.php\/wp-json\/wp\/v2\/pages\/55","targetHints":{"allow":["GET"]}}],"collection":[{"href":"https:\/\/tropicosimaginados.com\/index.php\/wp-json\/wp\/v2\/pages"}],"about":[{"href":"https:\/\/tropicosimaginados.com\/index.php\/wp-json\/wp\/v2\/types\/page"}],"author":[{"embeddable":true,"href":"https:\/\/tropicosimaginados.com\/index.php\/wp-json\/wp\/v2\/users\/1"}],"replies":[{"embeddable":true,"href":"https:\/\/tropicosimaginados.com\/index.php\/wp-json\/wp\/v2\/comments?post=55"}],"version-history":[{"count":26,"href":"https:\/\/tropicosimaginados.com\/index.php\/wp-json\/wp\/v2\/pages\/55\/revisions"}],"predecessor-version":[{"id":2030,"href":"https:\/\/tropicosimaginados.com\/index.php\/wp-json\/wp\/v2\/pages\/55\/revisions\/2030"}],"wp:attachment":[{"href":"https:\/\/tropicosimaginados.com\/index.php\/wp-json\/wp\/v2\/media?parent=55"}],"curies":[{"name":"wp","href":"https:\/\/api.w.org\/{rel}","templated":true}]}}